{"id":941,"date":"2019-07-01T17:33:21","date_gmt":"2019-07-01T15:33:21","guid":{"rendered":"http:\/\/s542535438.online.de\/web2019\/?page_id=941"},"modified":"2019-08-14T14:03:38","modified_gmt":"2019-08-14T12:03:38","slug":"data-privacy-statement","status":"publish","type":"page","link":"https:\/\/www.verimag.de\/en\/data-privacy-statement\/","title":{"rendered":"Data Privacy Statement"},"content":{"rendered":"<style>#kt-layout-id_ddce16-a9 > .kt-row-column-wrap{align-content:start;}:where(#kt-layout-id_ddce16-a9 > .kt-row-column-wrap) > .wp-block-kadence-column{justify-content:start;}#kt-layout-id_ddce16-a9 > .kt-row-column-wrap{column-gap:var(--global-kb-gap-md, 2rem);row-gap:var(--global-kb-gap-md, 2rem);max-width:1200px;margin-left:auto;margin-right:auto;padding-top:var( --global-kb-row-default-top, 25px );padding-bottom:var( --global-kb-row-default-bottom, 25px );padding-top:60px;padding-bottom:70px;padding-left:40px;padding-right:40px;grid-template-columns:minmax(0, 1fr);}#kt-layout-id_ddce16-a9 > .kt-row-layout-overlay{opacity:0.30;}@media all and (max-width: 1024px){#kt-layout-id_ddce16-a9 > .kt-row-column-wrap{padding-top:40px;padding-right:15px;padding-bottom:40px;padding-left:15px;grid-template-columns:minmax(0, 1fr);}}@media all and (max-width: 767px){#kt-layout-id_ddce16-a9 > .kt-row-column-wrap{padding-top:40px;padding-bottom:40px;padding-left:15px;padding-right:15px;grid-template-columns:minmax(0, 1fr);}}<\/style>\n<div class=\"wp-block-kadence-rowlayout alignnone\"><div id=\"kt-layout-id_ddce16-a9\" class=\"kt-row-layout-inner  kt-layout-id_ddce16-a9\"><div class=\"kt-row-column-wrap kt-has-1-columns kt-gutter-default kt-v-gutter-default kt-row-valign-top kt-row-layout-equal kt-tab-layout-inherit kt-m-colapse-left-to-right kt-mobile-layout-row\"><style>.kadence-column_e6ac9e-ee > .kt-inside-inner-col{border-top-width:0px;border-right-width:0px;border-bottom-width:0px;border-left-width:0px;}.kadence-column_e6ac9e-ee > .kt-inside-inner-col,.kadence-column_e6ac9e-ee > .kt-inside-inner-col:before{border-top-left-radius:0px;border-top-right-radius:0px;border-bottom-right-radius:0px;border-bottom-left-radius:0px;}.kadence-column_e6ac9e-ee > .kt-inside-inner-col{column-gap:var(--global-kb-gap-sm, 1rem);}.kadence-column_e6ac9e-ee > .kt-inside-inner-col{flex-direction:column;}.kadence-column_e6ac9e-ee > .kt-inside-inner-col > .aligncenter{width:100%;}.kadence-column_e6ac9e-ee > .kt-inside-inner-col:before{opacity:0.3;}.kadence-column_e6ac9e-ee{position:relative;}@media all and (max-width: 1024px){.kadence-column_e6ac9e-ee > .kt-inside-inner-col{flex-direction:column;justify-content:center;}}@media all and (max-width: 767px){.kadence-column_e6ac9e-ee > .kt-inside-inner-col{flex-direction:column;justify-content:center;}}<\/style>\n<div class=\"wp-block-kadence-column inner-column-1 kadence-column_e6ac9e-ee\"><div class=\"kt-inside-inner-col\"><style>.wp-block-kadence-advancedheading.kt-adv-heading_22c19c-ab, .wp-block-kadence-advancedheading.kt-adv-heading_22c19c-ab[data-kb-block=\"kb-adv-heading_22c19c-ab\"]{text-align:center;font-weight:400;font-style:normal;}.wp-block-kadence-advancedheading.kt-adv-heading_22c19c-ab mark.kt-highlight, .wp-block-kadence-advancedheading.kt-adv-heading_22c19c-ab[data-kb-block=\"kb-adv-heading_22c19c-ab\"] mark.kt-highlight{font-style:normal;color:#f76a0c;-webkit-box-decoration-break:clone;box-decoration-break:clone;padding-top:0px;padding-right:0px;padding-bottom:0px;padding-left:0px;}.wp-block-kadence-advancedheading.kt-adv-heading_22c19c-ab img.kb-inline-image, .wp-block-kadence-advancedheading.kt-adv-heading_22c19c-ab[data-kb-block=\"kb-adv-heading_22c19c-ab\"] img.kb-inline-image{width:150px;vertical-align:baseline;}<\/style>\n<h1 id=\"kt-adv-heading_22c19c-ab\" class=\"kt-adv-heading_22c19c-ab fade verimagwort wp-block-kadence-advancedheading\" style=\"text-align:center\">   Datenschutzerkl\u00e4rung der  <strong>VERIMAG<\/strong> GmbH <\/h1>\n\n\n\n<hr class=\"wp-block-separator decorative fade\"\/>\n\n\n<style>#kt-layout-id_e1714c-02 > .kt-row-column-wrap{align-content:start;}:where(#kt-layout-id_e1714c-02 > .kt-row-column-wrap) > .wp-block-kadence-column{justify-content:start;}#kt-layout-id_e1714c-02 > .kt-row-column-wrap{column-gap:var(--global-kb-gap-none, 0rem );row-gap:var(--global-kb-gap-md, 2rem);padding-top:var( --global-kb-row-default-top, 25px );padding-bottom:var( --global-kb-row-default-bottom, 25px );padding-top:20px;padding-bottom:0px;grid-template-columns:minmax(0, 1fr);}#kt-layout-id_e1714c-02 > .kt-row-layout-overlay{opacity:0.30;}#kt-layout-id_e1714c-02 .kt-row-layout-bottom-sep{height:100px;}#kt-layout-id_e1714c-02 .kt-row-layout-bottom-sep svg{width:100%;}#kt-layout-id_e1714c-02 .kt-row-layout-bottom-sep svg{fill:#ffffff!important;}@media all and (max-width: 1024px){#kt-layout-id_e1714c-02 > .kt-row-column-wrap{grid-template-columns:minmax(0, 1fr);}}@media all and (max-width: 1024px){#kt-layout-id_e1714c-02 .kt-row-layout-bottom-sep{height:px;}}@media all and (max-width: 1024px){#kt-layout-id_e1714c-02 .kt-row-layout-bottom-sep svg{width:%;}}@media all and (max-width: 767px){#kt-layout-id_e1714c-02 > .kt-row-column-wrap{grid-template-columns:minmax(0, 1fr);}#kt-layout-id_e1714c-02 .kt-row-layout-bottom-sep{height:px;}#kt-layout-id_e1714c-02 .kt-row-layout-bottom-sep svg{width:%;}}<\/style>\n<div class=\"wp-block-kadence-rowlayout alignnone\"><div id=\"kt-layout-id_e1714c-02\" class=\"kt-row-layout-inner  kt-layout-id_e1714c-02\"><div class=\"kt-row-column-wrap kt-has-1-columns kt-gutter-none kt-v-gutter-default kt-row-valign-top kt-row-layout-equal kt-tab-layout-inherit kt-m-colapse-left-to-right kt-mobile-layout-row\"><style>.kadence-column_f6cfaa-24 > .kt-inside-inner-col{padding-right:40px;}.kadence-column_f6cfaa-24 > .kt-inside-inner-col{border-color:#f2f2f2;border-top-width:0px;border-right-width:1px;border-bottom-width:0px;border-left-width:0px;}.kadence-column_f6cfaa-24 > .kt-inside-inner-col,.kadence-column_f6cfaa-24 > .kt-inside-inner-col:before{border-top-left-radius:0px;border-top-right-radius:0px;border-bottom-right-radius:0px;border-bottom-left-radius:0px;}.kadence-column_f6cfaa-24 > .kt-inside-inner-col{column-gap:var(--global-kb-gap-sm, 1rem);}.kadence-column_f6cfaa-24 > .kt-inside-inner-col{flex-direction:column;}.kadence-column_f6cfaa-24 > .kt-inside-inner-col > .aligncenter{width:100%;}.kadence-column_f6cfaa-24 > .kt-inside-inner-col:before{opacity:0.3;}.kadence-column_f6cfaa-24{position:relative;}@media all and (max-width: 1024px){.kadence-column_f6cfaa-24 > .kt-inside-inner-col{flex-direction:column;justify-content:center;}}@media all and (max-width: 767px){.kadence-column_f6cfaa-24 > .kt-inside-inner-col{padding-right:0px;flex-direction:column;justify-content:center;}}<\/style>\n<div class=\"wp-block-kadence-column inner-column-1 kadence-column_f6cfaa-24 fade\"><div class=\"kt-inside-inner-col\">\n<h3 class=\"wp-block-heading\">SSL Sicherheit<\/h3>\n\n\n\n<p>Die VERIMAG Internetpr\u00e4senz unter  https:\/\/www.verimag.de ist im Sinne Ihrer Sicherheit so genannt &#8220;SSL  gesichert&#8221; (Secure Sockets Layer, Transport Layer Security &#8211; TLS,  deutsch Transportschichtsicherheit). Die SSL-Technologie ist durch einen  marktf\u00fchrenden Anbieter innerhalb des VERIMAG Webhosting zertifiziert (Symantec Corporation). Sie  erkennen die aktive SSL-Sicherheit anhand des gr\u00fcnen Schloss-Symbols in  Ihrer Browserzeile sowie an dem K\u00fcrzel &#8220;https&#8221; innerhalb der  Internetadresse https:\/\/www.verimag.de. <\/p>\n\n\n\n<p>Das SSL-Sicherheitsprotokoll ist ein Verschl\u00fcsselungsprotokoll zur \nDaten\u00fcbertragung im Internet. Das Protokoll dient insbesondere der \nsicheren \u00dcbertragung von pers\u00f6nlichen Daten innerhalb von Aktionen, die \nvon Kunden und Besucher ausgef\u00fchrt werden (Bewerbung bzw. Nachricht \nsenden, usw.).<\/p>\n\n\n\n<p>Wir m\u00f6chten mit dieser technischen Erweiterung insbesondere das \nVertrauen unserer Besucher best\u00e4rken, k\u00f6nnen Angriffe und Missbr\u00e4uche \nvon extern jedoch nicht in G\u00e4nze ausschlie\u00dfen, weshalb wir unter \nAusschluss von Haftung und Gew\u00e4hr auf unsere Allgemeinen \nGesch\u00e4ftsbedingungen (auf Anfrage) sowie die Datenschutzbestimmungen im \nweiteren Verlauf verweisen.<\/p>\n\n\n\n<hr class=\"wp-block-separator\"\/>\n\n\n\n<h4 class=\"wp-block-heading\">Datenschutzerkl\u00e4rung f\u00fcr die Webseite www.verimag.de<br>Stand: Mai 2018<\/h4>\n\n\n\n<p><\/p>\n\n\n\n<p><strong>Datenschutzerkl\u00e4rung<\/strong><\/p>\n\n\n\n<p>Die VERIMAG Vertriebs- und Marketingges mbH hat in dieser \nDatenschutzerkl\u00e4rung, die den Anforderungen der \nDatenschutzgrundverordnung (DSGVO) entspricht, die Bedingungen, unter \ndenen personenbezogene Daten auf dieser Webseite verarbeitet werden, \nzusammengefasst. Grunds\u00e4tzlich ist die Nutzung der Webseite <a href=\"http:\/\/www.verimag.de\">www.verimag.de<\/a>\n ohne Angabe von personenbezogenen Daten m\u00f6glich. Daf\u00fcr sind teilweise \nEinstellungen erforderlich, bestimmte Dienste, die in dieser \nDatenschutzerkl\u00e4rung genannt sind, auszuschalten. Sofern bestimmte \nDienste auf dieser Webseite in Anspruch genommen werden, kann die \n\u00dcbermittlung personenbezogener Daten erfolgen. Die Einzelheiten ergeben \nsich aus den folgenden Abschnitten dieser Datenschutzerkl\u00e4rung.<\/p>\n\n\n\n<p><strong>I. Einige Begriffe, die wir in dieser Datenschutzerkl\u00e4rung verwenden<\/strong><\/p>\n\n\n\n<ul class=\"wp-block-list\"><li>Verantwortlicher<br>Die Verimag GmbH, vertreten durch die Gesch\u00e4ftsf\u00fchrer, f\u00fcr diese Webseite<\/li><li>Personenbezogene Daten<br>Alle Daten, die sich auf eine identifizierte oder identifizierbare Person beziehen, vgl. Art. 4 DSGVO<\/li><li>Verarbeitung<br>Vorg\u00e4nge mit oder ohne Hilfe automatisierter \nVerfahren wie Erheben, Erfassen, Organisieren, Ordnen, Speichern, \nAnpassen, Ver\u00e4ndern, Auslesen, Abfragen, Verwenden sowie Offenlegen \ndurch \u00dcbermitteln, Verbreiten, Bereitstellen, Abgleichen, Verkn\u00fcpfen, \nL\u00f6schen und Vernichtung im Zusammenhang mit personenbezogenen Daten<\/li><li>Einwilligung<br>Ausdr\u00fcckliche Erkl\u00e4rung, mit der die betroffene \nPerson zu erkennen gibt, dass sie mit der Verarbeitung personenbezogener\n Daten einverstanden ist<\/li><li>L\u00f6schen<br>Komplette Tilgung jeglicher Spuren von Daten, ohne dass diese wiederherstellbar w\u00e4ren<\/li><li>Sperren<br>Einschr\u00e4nkung der Verarbeitung von personenbezogenen \nDaten, sofern Aufbewahrungspflichten oder gesetzliche Vorgaben oder eine\n m\u00f6gliche Rechtsverfolgung den Verantwortlichen an der L\u00f6schung von \npersonenbezogenen Daten hindern<\/li><li>Empf\u00e4nger<br>Ziel (Person, Firma) der Weiterleitung von personenbezogenen Daten, sofern dies zutrifft.<\/li><\/ul>\n\n\n\n<p><strong>II. Name und Anschrift des Verantwortlichen<\/strong><\/p>\n\n\n\n<p>Der Verantwortliche im Sinne der datenschutzrechtlichen Bestimmungen ist die:<br>VERIMAG Vertriebs- und Marketingges. mbH<br>Schumannstra\u00dfe 17<br>10117 Berlin<br>Deutschland<br>Tel +49 30 577025580<br>Fax +49 30 577025589<br><a href=\"mailto:info@verimag.de\">info@verimag.de<\/a><br>www.verimag.de<br>Heiko T\u00fcrp &amp; Christian Neumann (Gesch\u00e4ftsf\u00fchrung)<\/p>\n\n\n\n<p><strong>III. Name und Anschrift des Datenschutzbeauftragten<\/strong><\/p>\n\n\n\n<p>Die VERIMAG Vertriebs- und Marketingges. mbH unterf\u00e4llt nicht der \ngesetzlichen Pflicht einen Datenschutzbeauftragten zu bestellen.<\/p>\n\n\n\n<p><strong>IV. Allgemeines zur Datenverarbeitung<\/strong><\/p>\n\n\n\n<p><strong>1. Umfang der Verarbeitung personenbezogener Daten<\/strong><\/p>\n\n\n\n<p>Wir verarbeiten personenbezogene Daten unserer Nutzer grunds\u00e4tzlich \nnur, soweit dies zur Bereitstellung einer funktionsf\u00e4higen Website sowie\n unserer Inhalte und Leistungen erforderlich ist. Die Verarbeitung \npersonenbezogener Daten unserer Nutzer erfolgt regelm\u00e4\u00dfig nur nach \nEinwilligung des Nutzers. Eine Ausnahme gilt in solchen F\u00e4llen, in denen\n eine vorherige Einholung einer Einwilligung aus tats\u00e4chlichen Gr\u00fcnden \nnicht m\u00f6glich ist und die Verarbeitung der Daten durch gesetzliche \nVorschriften gestattet ist.<\/p>\n\n\n\n<p><strong>2. Rechtsgrundlage f\u00fcr die Verarbeitung personenbezogener Daten<\/strong><\/p>\n\n\n\n<p>Soweit wir f\u00fcr Verarbeitungsvorg\u00e4nge personenbezogener Daten eine \nEinwilligung der betroffenen Person einholen, dient Art.&nbsp;6 Abs.&nbsp;1 lit.&nbsp;a\n EU-Datenschutzgrundverordnung (DSGVO) als Rechtsgrundlage. <br>Bei der \nVerarbeitung von personenbezogenen Daten, die zur Erf\u00fcllung eines \nVertrages, dessen Vertragspartei die betroffene Person ist, erforderlich\n ist, dient Art.&nbsp;6 Abs.&nbsp;1 lit.&nbsp;b DSGVO als Rechtsgrundlage. Dies gilt \nauch f\u00fcr Verarbeitungsvorg\u00e4nge, die zur Durchf\u00fchrung vorvertraglicher \nMa\u00dfnahmen erforderlich sind. <br>Soweit eine Verarbeitung \npersonenbezogener Daten zur Erf\u00fcllung einer rechtlichen Verpflichtung \nerforderlich ist, der unser Unternehmen unterliegt, dient Art.&nbsp;6 Abs.&nbsp;1 \nlit.&nbsp;c DSGVO als Rechtsgrundlage. <br>F\u00fcr den Fall, dass lebenswichtige \nInteressen der betroffenen Person oder einer anderen nat\u00fcrlichen Person \neine Verarbeitung personenbezogener Daten erforderlich machen, dient \nArt.&nbsp;6 Abs.&nbsp;1 lit.&nbsp;d DSGVO als Rechtsgrundlage. <br>Ist die Verarbeitung\n zur Wahrung eines berechtigten Interesses unseres Unternehmens oder \neines Dritten erforderlich und \u00fcberwiegen die Interessen, Grundrechte \nund Grundfreiheiten des Betroffenen das erstgenannte Interesse nicht, so\n dient Art.&nbsp;6 Abs.&nbsp;1 lit.&nbsp;f DSGVO als Rechtsgrundlage f\u00fcr die \nVerarbeitung.<br> <br><strong>3. Zusammenarbeit mit Dritten<\/strong><\/p>\n\n\n\n<p>Im Rahmen der Verarbeitung von personenbezogenen Daten von uns kann \nes sein, dass diese Daten an Dritte \u00fcbertragen werden. Das k\u00f6nnen auch \nAuftragsverarbeiter von uns sein. Dies erfolgt nur aufgrund gesetzlicher\n Erlaubnis, Sie in die Weitergabe eingewilligt haben, eine rechtliche \nVerpflichtung dies vorsieht oder unsere berechtigten Interessen gem. Art\n 6 Abs. 1 Satz 1 Buchst. F) DSGVO dies erlauben. Sofern Dritte auf \nGrundlage einer Auftragsverarbeitung von uns personenbezogene Daten \nerhalten, erfolgt diese \u00dcbertragung gem. Art. 28 DSGVO.<br> <br><strong>4. Verarbeitung in Drittl\u00e4ndern<\/strong><\/p>\n\n\n\n<p>Es kann sein, dass personenbezogene Daten im Rahmen der Verarbeitung \nbei uns in Drittl\u00e4nder, auch au\u00dferhalb der EU \u00fcbertragen werden. Sollte \ndies der Fall sein, erfolgt dies aufgrund unserer berechtigten \nInteressen, der von Ihnen vorliegenden Einwilligung, in Erf\u00fcllung der \nbestehenden (vor)vertraglichen Pflichten oder rechtlicher Vorgaben. \nSofern die Verarbeitung in Drittl\u00e4ndern erfolgt, geschieht dies im \nEinklang mit Art 44 DSGVO, also aufgrund besonderer Garantien zur \nEinhaltung des in der EU geltenden Datenschutzniveaus, was in den USA \nu.a. durch das Privacy Shield geschieht, oder durch Beachtung spezieller\n vertraglicher Verpflichtungen.<br> <br><strong>5. Datenl\u00f6schung und Speicherdauer<\/strong><\/p>\n\n\n\n<p>Die personenbezogenen Daten der betroffenen Person werden gel\u00f6scht \noder gesperrt, sobald der Zweck der Speicherung entf\u00e4llt. Eine \nSpeicherung kann dar\u00fcber hinaus erfolgen, wenn dies durch den \neurop\u00e4ischen oder nationalen Gesetzgeber in unionsrechtlichen \nVerordnungen, Gesetzen oder sonstigen Vorschriften, denen der \nVerantwortliche unterliegt, vorgesehen wurde. Eine Sperrung oder \nL\u00f6schung der Daten erfolgt auch dann, wenn eine durch die genannten \nNormen vorgeschriebene Speicherfrist abl\u00e4uft, es sei denn, dass eine \nErforderlichkeit zur weiteren Speicherung der Daten f\u00fcr einen \nVertragsabschluss oder eine Vertragserf\u00fcllung oder zur Erf\u00fcllung einer \nsonstigen rechtlichen Verpflichtung besteht.<\/p>\n\n\n\n<h5 class=\"wp-block-heading\">V. Bereitstellung der Website und Erstellung von Logfiles<\/h5>\n\n\n\n<p><strong>1. Beschreibung und Umfang der Datenverarbeitung<\/strong><\/p>\n\n\n\n<p>Bei jedem Aufruf unserer Internetseite erfasst unser System \nautomatisiert Daten und Informationen vom Computersystem des aufrufenden\n Rechners. <br>Folgende Daten werden hierbei erhoben: <br> <br>(1)&nbsp;&nbsp;&nbsp;&nbsp;&nbsp;&nbsp; Informationen \u00fcber den Browsertyp und die verwendete Version <br>(2)&nbsp;&nbsp;&nbsp;&nbsp;&nbsp;&nbsp; Das Betriebssystem des Nutzers <br>(3)&nbsp;&nbsp;&nbsp;&nbsp;&nbsp;&nbsp; Den Internet-Service-Provider des Nutzers <br>(4)&nbsp;&nbsp;&nbsp;&nbsp;&nbsp;&nbsp; Die IP-Adresse des Nutzers, ggfls. die zuvor besuchte Webseite <br>(5)&nbsp;&nbsp;&nbsp;&nbsp;&nbsp;&nbsp; Datum und Uhrzeit des Zugriffs <br>(6)&nbsp;&nbsp;&nbsp;&nbsp;&nbsp;&nbsp; Websites, von denen das System des Nutzers auf unsere Internetseite gelangt <br>(7)&nbsp;&nbsp;&nbsp;&nbsp;&nbsp;&nbsp; Websites, die vom System des Nutzers \u00fcber unsere Website aufgerufen werden<\/p>\n\n\n\n<p>Die Daten werden ebenfalls in den Logfiles unseres Systems \ngespeichert. Eine Speicherung dieser Daten zusammen mit anderen \npersonenbezogenen Daten des Nutzers findet nicht statt.<\/p>\n\n\n\n<p><strong>2. Rechtsgrundlage f\u00fcr die Datenverarbeitung<\/strong><\/p>\n\n\n\n<p>Rechtsgrundlage f\u00fcr die vor\u00fcbergehende Speicherung der Daten und der Logfiles ist Art. 6 Abs. 1 lit. f DSGVO.<\/p>\n\n\n\n<p><strong>3. Zweck der Datenverarbeitung<\/strong><\/p>\n\n\n\n<p>Die vor\u00fcbergehende Speicherung der IP-Adresse durch das System ist \nnotwendig, um eine Auslieferung der Website an den Rechner des Nutzers \nzu erm\u00f6glichen. Hierf\u00fcr muss die IP-Adresse des Nutzers f\u00fcr die Dauer \nder Sitzung gespeichert bleiben.<\/p>\n\n\n\n<p>Die Speicherung in Logfiles erfolgt, um die Funktionsf\u00e4higkeit der \nWebsite sicherzustellen. Zudem dienen uns die Daten zur Optimierung der \nWebsite und zur Sicherstellung der Sicherheit unserer \ninformationstechnischen Systeme. Eine Auswertung der Daten zu \nMarketingzwecken findet in diesem Zusammenhang nicht statt. In diesen \nZwecken liegt auch unser berechtigtes Interesse an der Datenverarbeitung\n nach Art.&nbsp;6 Abs.&nbsp;1 lit.&nbsp;f DSGVO.<\/p>\n\n\n\n<p><strong>4. Dauer der Speicherung<\/strong><\/p>\n\n\n\n<p>Die Daten werden gel\u00f6scht, sobald sie f\u00fcr die Erreichung des Zweckes \nihrer Erhebung nicht mehr erforderlich sind. Im Falle der Erfassung der \nDaten zur Bereitstellung der Website ist dies der Fall, wenn die \njeweilige Sitzung beendet ist.<\/p>\n\n\n\n<p>Im Falle der Speicherung der Daten in Logfiles ist dies nach \nsp\u00e4testens sieben Tagen der Fall. Eine dar\u00fcberhinausgehende Speicherung \nist m\u00f6glich. In diesem Fall werden die IP-Adressen der Nutzer gel\u00f6scht \noder verfremdet, sodass eine Zuordnung des aufrufenden Clients nicht \nmehr m\u00f6glich ist.<\/p>\n\n\n\n<p><strong>5. Widerspruchs- und Beseitigungsm\u00f6glichkeit<\/strong><\/p>\n\n\n\n<p>Die Erfassung der Daten zur Bereitstellung der Website und die \nSpeicherung der Daten in Logfiles ist f\u00fcr den Betrieb der Internetseite \nzwingend erforderlich. Es besteht folglich seitens des Nutzers keine \nWiderspruchsm\u00f6glichkeit.<\/p>\n\n\n\n<h5 class=\"wp-block-heading\">VI. Hostingleistungen<\/h5>\n\n\n\n<p>Wir nehmen Hosting-Dienstleistungen in Anspruch, die wir zum Zweck \nder Bereitstellung dieser Webseite und der damit verbundenen Dienste bei\n einem Partner (Dritter und Empf\u00e4nger von Daten) in Anspruch nehmen. \nBeim Hosting werden personenbezogene Daten verarbeitet, insbesondere die\n Daten aus den Logfiles, Cookies, aber auch Kommunikationsdaten aus den \nKontaktformularen usw. von betroffenen Personen. Der Zweck der \nVerarbeitung liegt in der Bereitstellung des Online-Angebots. Darin \nliegt auch unser berechtigtes Interesse in der Verarbeitung der \npersonenbezogenen Daten nach Art. 6 Abs. 1 lit. f DSGVO begr\u00fcndet. Die \nDaten werden sobald gel\u00f6scht, wie diese f\u00fcr die Bereitstellung des \nAngebots nicht mehr erforderlich sind. Es besteht seitens der Nutzer \nkeine Widerspruchsm\u00f6glichkeit. Es liegt mit dem Partner eine \nVereinbarung gem. Art. 28 DSGVO vor.<\/p>\n\n\n\n<h5 class=\"wp-block-heading\">VII. Kontaktformular und E-Mail-Kontakt sowie Frames und Verlinkungen<\/h5>\n\n\n\n<p><strong>1. Beschreibung und Umfang der Datenverarbeitung<\/strong><\/p>\n\n\n\n<p>Auf unserer Internetseite ist an verschiedenen Stellen ein \nKontaktformular vorhanden, welches f\u00fcr die elektronische Kontaktaufnahme\n genutzt werden kann. Nimmt ein Nutzer diese M\u00f6glichkeit wahr, so werden\n die in der Eingabemaske eingegeben Daten an uns \u00fcbermittelt und \ngespeichert. Diese Daten sind: Name, Vorname, Emailadresse und in der \nRegel IP-Adresse des Nutzers und Datum und Uhrzeit der Registrierung.<\/p>\n\n\n\n<p>F\u00fcr die Verarbeitung der Daten wird im Rahmen des Absendevorgangs \nIhre Einwilligung eingeholt und auf diese Datenschutzerkl\u00e4rung \nverwiesen.<\/p>\n\n\n\n<p>Alternativ ist eine Kontaktaufnahme \u00fcber die bereitgestellte \nE-Mail-Adresse m\u00f6glich. In diesem Fall werden die mit der E-Mail \n\u00fcbermittelten personenbezogenen Daten des Nutzers gespeichert.<\/p>\n\n\n\n<p>Die Daten k\u00f6nnen in einem Customer-Relationship-Management System oder einem vergleichbaren digitalen System verarbeitet werden.<\/p>\n\n\n\n<p><strong>2. Rechtsgrundlage f\u00fcr die Datenverarbeitung<\/strong><\/p>\n\n\n\n<p>Rechtsgrundlage f\u00fcr die Verarbeitung der Daten ist bei Vorliegen einer Einwilligung des Nutzers Art.&nbsp;6 Abs.&nbsp;1 lit.&nbsp;a DSGVO.<\/p>\n\n\n\n<p>Rechtsgrundlage f\u00fcr die Verarbeitung der Daten, die im Zuge einer \n\u00dcbersendung einer E-Mail \u00fcbermittelt werden, ist Art.&nbsp;6 Abs.&nbsp;1 lit.&nbsp;f \nDSGVO. Zielt der E-Mail-Kontakt auf den Abschluss eines Vertrages ab, so\n ist zus\u00e4tzliche Rechtsgrundlage f\u00fcr die Verarbeitung Art.&nbsp;6 Abs.&nbsp;1 \nlit.&nbsp;b DSGVO.<\/p>\n\n\n\n<p><strong>3. Zweck der Datenverarbeitung<\/strong><\/p>\n\n\n\n<p>Die Verarbeitung der personenbezogenen Daten aus der Eingabemaske \ndient uns allein zur Bearbeitung der Kontaktaufnahme. Im Falle einer \nKontaktaufnahme per E-Mail liegt hieran auch das erforderliche \nberechtigte Interesse an der Verarbeitung der Daten.<\/p>\n\n\n\n<p>Die sonstigen w\u00e4hrend des Absendevorgangs verarbeiteten \npersonenbezogenen Daten dienen dazu, einen Missbrauch des \nKontaktformulars zu verhindern und die Sicherheit unserer \ninformationstechnischen Systeme sicherzustellen.<\/p>\n\n\n\n<p><strong>4. Dauer der Speicherung<\/strong><\/p>\n\n\n\n<p>Die Daten werden gel\u00f6scht, sobald sie f\u00fcr die Erreichung des Zweckes \nihrer Erhebung nicht mehr erforderlich sind. F\u00fcr die personenbezogenen \nDaten aus der Eingabemaske des Kontaktformulars und diejenigen, die per \nE-Mail \u00fcbersandt wurden, ist dies dann der Fall, wenn die jeweilige \nKonversation beendet ist bzw. wenn eine vorvertragliche Ma\u00dfnahme oder \nein Vertrag mit der Kontaktaufnahme verkn\u00fcpft ist, wenn diese abgelaufen\n ist und keine gesetzlichen Aufbewahrungsfristen mehr bestehen. Beendet \nist die Konversation dann, wenn sich aus den Umst\u00e4nden entnehmen l\u00e4sst, \ndass der betroffene Sachverhalt abschlie\u00dfend gekl\u00e4rt ist. Wir \u00fcberpr\u00fcfen\n die Erforderlichkeit der weiteren Verarbeitung von Daten routinem\u00e4\u00dfig \nalle zwei Jahre und halten die gesetzlichen Aufbewahrungsfristen ein.<\/p>\n\n\n\n<p>Die w\u00e4hrend des Absendevorgangs zus\u00e4tzlich erhobenen \npersonenbezogenen Daten werden sp\u00e4testens nach einer Frist von sieben \nTagen gel\u00f6scht.<\/p>\n\n\n\n<p><strong>5. Widerspruchs- und Beseitigungsm\u00f6glichkeit<\/strong><\/p>\n\n\n\n<p>Der Nutzer hat jederzeit die M\u00f6glichkeit, seine Einwilligung zur \nVerarbeitung der personenbezogenen Daten zu widerrufen. Nimmt der Nutzer\n per E-Mail-Kontakt mit uns auf, so kann er der Speicherung seiner \npersonenbezogenen Daten jederzeit widersprechen. In einem solchen Fall \nkann die Konversation nicht fortgef\u00fchrt werden. Der Widerruf erfolgt per\n E-Mail an <a href=\"mailto:info@verimag.de\">info@verimag.de<\/a>.<\/p>\n\n\n\n<p>Alle personenbezogenen Daten, die im Zuge der Kontaktaufnahme gespeichert wurden, werden in diesem Fall gel\u00f6scht.<\/p>\n\n\n\n<p>Wir weisen darauf hin, dass auf unserer Webseite auch \nKontaktformulare\/iframes\/Verlinkungen externer Anbieter eingebunden sein\n k\u00f6nnen.<\/p>\n\n\n\n<p>Es wird darauf hingewiesen, dass auf den Webseiten dieser Anbieter \nebenfalls personenbezogene Daten erhoben und verarbeitet werden, wir \naber keinen Zugriff auf den dortigen Widerruf oder die \nAbstellm\u00f6glichkeit haben. Die Weiterleitung der Daten erfolgt \nausschlie\u00dflich zum Zweck der von der betroffenen Person durchgef\u00fchrten \nAnfrage. Rechtsgrundlage f\u00fcr die Verarbeitung der personenbezogenen \nDaten der Nutzer ist Art. 6 Abs. 1 lit. f DSGVO.<\/p>\n\n\n\n<h5 class=\"wp-block-heading\">&nbsp;VIII. Google Analytics<\/h5>\n\n\n\n<p><strong>1. Beschreibung und Umfang der Datenverarbeitung<\/strong><\/p>\n\n\n\n<p>Auf unserer Internetseite setzen wir Google Analytics ein. Anbieter \nist Google Ireland Limited, Gordon House, Barrow Street, Dublin 4, \nIrland. Google verwendet Cookies (s.o.). Die aus der Erfassung des \nCookies erzeugten Informationen werden an einen Server von Google in den\n USA \u00fcbertragen und dort gespeichert. Google gew\u00e4hrleistet, dass die \ndatenschutzrechtlichen Regelungen eingehalten werden und ist unter dem \nPrivacy Shield Abkommen zertifiziert. Wir setzen Google Analytics mit \naktivierter IP-Anonymisierung ein, bei der die IP-Adresse gek\u00fcrzt wird. \nNur in Ausnahmef\u00e4llen wird die volle IP-Adresse in die USA \u00fcbertragen \nund dort gek\u00fcrzt.<\/p>\n\n\n\n<p><strong>2. Rechtsgrundlage f\u00fcr die Datenverarbeitung<\/strong><\/p>\n\n\n\n<p>Rechtsgrundlage f\u00fcr die Verarbeitung der Daten ist Art.&nbsp;6 Abs.&nbsp;1 lit.&nbsp;f DSGVO.<\/p>\n\n\n\n<p><strong>3. Zweck der Datenverarbeitung<\/strong><\/p>\n\n\n\n<p>Die Verarbeitung der personenbezogenen Daten dient uns zur \nVerbesserung unseres Onlineauftritts und zur Auswertung des \nNutzerverhaltens auf unserer Webseite. Google erstellt aus den \n\u00fcbermittelten personenbezogenen Daten Auswertungen \u00fcber das \nNutzungsverhalten auf unserer Webseite. Zudem werden weitere \nDienstleistungen von Google uns gegen\u00fcber angeboten. Google f\u00fchrt die \n\u00fcbermittelte IP-Adresse bzw. die Teile davon nicht mit weiteren \npersonenbezogenen Daten zusammen.<\/p>\n\n\n\n<p><strong>4. Dauer der Speicherung<\/strong><\/p>\n\n\n\n<p>Die Daten werden gel\u00f6scht, sobald sie f\u00fcr die Erreichung des Zweckes \nihrer Erhebung nicht mehr erforderlich sind. F\u00fcr die personenbezogenen \nDaten aus der Eingabemaske des Kontaktformulars und diejenigen, die per \nE-Mail \u00fcbersandt wurden, ist dies dann der Fall, wenn die jeweilige \nKonversation beendet ist bzw. wenn eine vorvertragliche Ma\u00dfnahme oder \nein Vertrag mit der Kontaktaufnahme verkn\u00fcpft ist, wenn diese abgelaufen\n ist und keine gesetzlichen Aufbewahrungsfristen mehr bestehen. Beendet \nist die Konversation dann, wenn sich aus den Umst\u00e4nden entnehmen l\u00e4sst, \ndass der betroffene Sachverhalt abschlie\u00dfend gekl\u00e4rt ist. Wir \u00fcberpr\u00fcfen\n die Erforderlichkeit der weiteren Verarbeitung von Daten routinem\u00e4\u00dfig \nalle zwei Jahre und halten die gesetzlichen Aufbewahrungsfristen ein.<\/p>\n\n\n\n<p>Die w\u00e4hrend des Absendevorgangs zus\u00e4tzlich erhobenen \npersonenbezogenen Daten werden sp\u00e4testens nach einer Frist von sieben \nTagen gel\u00f6scht.<\/p>\n\n\n\n<p><strong>5. Widerspruchs- und Beseitigungsm\u00f6glichkeit<\/strong><\/p>\n\n\n\n<p>Nutzer k\u00f6nnen in ihrem Browser die Bereitstellung von Cookies \ndeaktivieren. Dann kann die Funktionalit\u00e4t der Webseite eingeschr\u00e4nkt \nsein. Sie k\u00f6nnen die Erfassung der durch das Cookie erzeugten und auf \nihre Nutzung des Onlineangebotes bezogenen Daten an Google sowie die \nVerarbeitung dieser Daten durch Google verhindern, indem sie das unter \ndem folgenden Link verf\u00fcgbare Browser-Plug-In herunterladen und \ninstallieren: <a href=\"http:\/\/tools.google.com\/dlpage\/gaoptout?hl=de\">http:\/\/tools.google.com\/dlpage\/gaoptout?hl=de<\/a>.<\/p>\n\n\n\n<p>&nbsp;Weitere Informationen zur Datennutzung zu Werbezwecken durch Google,\n Einstellungs- und Widerspruchsm\u00f6glichkeiten erfahren Sie auf den \nWebseiten von Google: <a href=\"https:\/\/www.google.com\/intl\/de\/policies\/privacy\/partners\/\">https:\/\/www.google.com\/intl\/de\/policies\/privacy\/partners\/<\/a><\/p>\n\n\n\n<p>&nbsp;(\u201eDatennutzung durch Google bei Ihrer Nutzung von Websites oder Apps unserer Partner\u201c), <a href=\"http:\/\/www.google.com\/policies\/technologies\/ads\">http:\/\/www.google.com\/policies\/technologies\/ads<\/a><\/p>\n\n\n\n<p>&nbsp;(\u201eDatennutzung zu Werbezwecken\u201c), <a href=\"http:\/\/www.google.de\/settings\/ads\">http:\/\/www.google.de\/settings\/ads<\/a><\/p>\n\n\n\n<p>&nbsp;(\u201eInformationen verwalten, die Google verwendet, um Ihnen Werbung einzublenden\u201c) und <a href=\"http:\/\/www.google.com\/ads\/preferences\/\">http:\/\/www.google.com\/ads\/preferences\/<\/a><\/p>\n\n\n\n<p>&nbsp;(\u201eBestimmen Sie, welche Werbung Google Ihnen zeigt\u201c).<\/p>\n\n\n\n<h5 class=\"wp-block-heading\">&nbsp;IX. Google Fonts<\/h5>\n\n\n\n<p>Wir binden Schriften von Google ein (Google FONTS). Adresse des \nAnbieters wie unter Google Analytics. Hier k\u00f6nnen personenbezogene Daten\n \u00fcbermittelt werden s. Google Analytics. Weitere Informationen finden \nSie unter der Datenschutzerkl\u00e4rung <a href=\"https:\/\/policies.google.com\/privacy?hl=de\">https:\/\/policies.google.com\/privacy?hl=de<\/a>. Es gibt die M\u00f6glichkeit des opt-outs unter folgendem link: <a href=\"https:\/\/adssettings.google.com\/authenticated\">https:\/\/adssettings.google.com\/authenticated<\/a><\/p>\n\n\n\n<h5 class=\"wp-block-heading\">X. Google Maps<\/h5>\n\n\n\n<p>Wir binden Landkarten von Google ein (Google Maps). Adresse des \nAnbieters wie unter Google Analytics. Hier k\u00f6nnen personenbezogene Daten\n \u00fcbermittelt werden s. Google Analytics. Weitere Informationen finden \nSie unter der Datenschutzerkl\u00e4rung <a href=\"https:\/\/policies.google.com\/privacy?hl=de\">https:\/\/policies.google.com\/privacy?hl=de<\/a>. <br>Es gibt die M\u00f6glichkeit des Opt-outs unter folgendem Link: <a href=\"https:\/\/adssettings.google.com\/authenticated\">https:\/\/adssettings.google.com\/authenticated<\/a><\/p>\n\n\n\n<h5 class=\"wp-block-heading\">XI. &nbsp;reCAPTCHA<\/h5>\n\n\n\n<p>Zum Schutz Ihrer Anfragen per Internetformular verwenden wir den \nDienst reCAPTCHA des Unternehmens Google Inc. (Google). Die Abfrage \ndient der Unterscheidung, ob die Eingabe durch einen Menschen oder \nmissbr\u00e4uchlich durch automatisierte, maschinelle Verarbeitung erfolgt. \nDie Abfrage schlie\u00dft den Versand der IP-Adresse und ggf. weiterer von \nGoogle f\u00fcr den Dienst reCAPTCHA ben\u00f6tigter Daten an Google ein. Zu \ndiesem Zweck wird Ihre Eingabe an Google \u00fcbermittelt und dort \nweiterverwendet. Ihre IP-Adresse wird von Google jedoch innerhalb von \nMitgliedstaaten der Europ\u00e4ischen Union oder in anderen Vertragsstaaten \ndes Abkommens \u00fcber den Europ\u00e4ischen Wirtschaftsraum zuvor gek\u00fcrzt. Nur \nin Ausnahmef\u00e4llen wird die volle IP-Adresse an einen Server von Google \nin den USA \u00fcbertragen und dort gek\u00fcrzt. Im Auftrag des Betreibers dieser\n Website wird Google diese Informationen benutzen, um Ihre Nutzung \ndieses Dienstes auszuwerten. Die im Rahmen von reCaptcha von Ihrem \nBrowser \u00fcbermittelte IP-Adresse wird nicht mit anderen Daten von Google \nzusammengef\u00fchrt. F\u00fcr diese Daten gelten die abweichenden \nDatenschutzbestimmungen des Unternehmens Google. Weitere Informationen \nzu den Datenschutzrichtlinien von Google finden Sie unter: <a href=\"https:\/\/www.google.com\/intl\/de\/policies\/privacy\/\">https:\/\/www.google.com\/intl\/de\/policies\/privacy\/<\/a><\/p>\n\n\n\n<h5 class=\"wp-block-heading\">XII. Social Plug-Ins<\/h5>\n\n\n\n<p>Wir verwenden auf unserer Webseite verschiedene Social Plug-Ins, bei \ndenen zum einen personenbezogene Daten erhoben und zum anderen an diese \nAnbieter weitergeleitet werden.<\/p>\n\n\n\n<p>Wir nutzen die folgenden Social Plug-Ins aufgrund unserer \nberechtigten Interessen (d.h. Interesse an der Analyse, Optimierung und \ndem wirtschaftlichen Betrieb unserer Webseite gem. Art. 6 Abs. 1 lit. f.\n DSGVO.<\/p>\n\n\n\n<p><strong>1. Verwendung von Facebook Social Plug-Ins<\/strong><\/p>\n\n\n\n<p>Auf unseren Seiten sind Plug-Ins des sozialen Netzwerks Facebook, \nAnbieter Facebook Ireland Ltd., 4 Grand Canal Square, Grand Canal \nHarbour, Dublin 2, Irland, integriert. Eine \u00dcbersicht \u00fcber die Facebook \nPlug-Ins finden Sie hier: <a href=\"https:\/\/developers.facebook.com\/docs\/plugins\/\">https:\/\/developers.facebook.com\/docs\/plugins\/<\/a>. <br>Facebook\n garantiert die Einhaltung europ\u00e4ischen Datenschutzstandards und ist mit\n dem EU-US Privacy-Shield-Abkommen zertifiziert (<a href=\"https:\/\/www.privacyshield.gov\/participant?id=a2zt0000000GnywAAC&amp;status=Active\">https:\/\/www.privacyshield.gov\/participant?id=a2zt0000000GnywAAC&amp;status=Active<\/a>).<br><br>Wenn\n Sie ein solches Plug-In aufrufen, wird eine direkte Verbindung mit den \nServern von Facebook aufgebaut, die in Europa oder den USA stehen \nk\u00f6nnen. Der Inhalt des Plug-Ins wird von Facebook direkt an das Ger\u00e4t \ndes Nutzers \u00fcbermittelt und von diesem in das Onlineangebot eingebunden.\n Dabei k\u00f6nnen aus den verarbeiteten Daten Nutzungsprofile der Nutzer \nerstellt werden. Wir haben keinen Einfluss auf den Umfang der Daten, die\n Facebook mit Hilfe dieses Plug-Ins erhebt und informieren Sie unserem \nKenntnisstand entsprechend. Es kann sein, dass weitere Daten von \nFacebook mit diesen Daten kombiniert werden, vor allem, wenn Sie ein \nProfil auf der Facebook-Seite haben und dort eingeloggt sind. Auch ohne \nBenutzerkonto werden aber in der Regel Ihre IP-Adresse und der Zeitpunkt\n des Aufrufs dort gespeichert. <br><br>Zweck und Umfang der \nDatenerhebung und die weitere Verarbeitung und Nutzung der Daten durch \nFacebook sowie die diesbez\u00fcglichen Rechte und Einstellungsm\u00f6glichkeiten \nzum Schutz der Privatsph\u00e4re der Nutzer, k\u00f6nnen diese den \nDatenschutzhinweisen von Facebook entnehmen: <a href=\"https:\/\/www.facebook.com\/about\/privacy\/\">https:\/\/www.facebook.com\/about\/privacy\/<\/a>. <br>Wenn\n Sie nicht wollen, dass Facebook \u00fcber unser Onlineangebot Daten \u00fcber Sie\n sammelt und diese mit Ihren bei Facebook gespeicherten Mitgliedsdaten \nverkn\u00fcpft, m\u00fcssen Sie sich vor der Nutzung unseres Onlineangebotes bei \nFacebook ausloggen und Ihre Cookies l\u00f6schen. Weitere Einstellungen und \nWiderspr\u00fcche zur Nutzung von Daten f\u00fcr Werbezwecke, sind innerhalb der \nFacebook-Profileinstellungen m\u00f6glich: <a href=\"https:\/\/www.facebook.com\/settings?tab=ads\">https:\/\/www.facebook.com\/settings?tab=ads<\/a> oder \u00fcber die US-amerikanische Seite <a href=\"http:\/\/www.aboutads.info\/choices\/\">http:\/\/www.aboutads.info\/choices\/<\/a> oder die EU-Seite <a href=\"http:\/\/www.youronlinechoices.com\/\">http:\/\/www.youronlinechoices.com\/<\/a>. <br><br>Die\n Einstellungen erfolgen plattformunabh\u00e4ngig, d.h. sie werden f\u00fcr alle \nGer\u00e4te, wie Desktopcomputer oder mobile Ger\u00e4te \u00fcbernommen.<\/p>\n\n\n\n<p>Wir betreiben eine eigene Unternehmensseite auf Facebook, die wir \nebenfalls verlinkt haben und die Sie abonnieren k\u00f6nnen. Dort werden \nweitere personenbezogene Daten von Ihnen gesammelt.<\/p>\n\n\n\n<p>Auch der Facebook Messenger kann zu diesem Einsatz geh\u00f6ren und dar\u00fcber ebenfalls personenbezogene Daten erhoben werden.<\/p>\n\n\n\n<p><strong>2. Facebook Pixel<\/strong><\/p>\n\n\n\n<p>Auf unseren Seiten ist das Plug-In Facebook Pixel eingebunden. \nAnbieter ist Facebook Ireland Ltd., 4 Grand Canal Square, Grand Canal \nHarbour, Dublin 2, Irland, integriert. Eine \u00dcbersicht \u00fcber die Facebook \nPlug-Ins finden Sie hier: <a href=\"https:\/\/developers.facebook.com\/docs\/plugins\/\">https:\/\/developers.facebook.com\/docs\/plugins\/<\/a>. <br>Facebook garantiert die Einhaltung europ\u00e4ischen Datenschutzstandards und ist mit dem EU-US Privacy-Shield-Abkommen zertifiziert <br>(<a href=\"https:\/\/www.privacyshield.gov\/participant?id=a2zt0000000GnywAAC&amp;status=Active\">https:\/\/www.privacyshield.gov\/participant?id=a2zt0000000GnywAAC&amp;status=Active<\/a>). <br>Wenn\n Sie ein solches Plug-In aufrufen, wird eine direkte Verbindung mit den \nServern von Facebook aufgebaut, die in Europa oder den USA stehen \nk\u00f6nnen. Der Inhalt des Plug-Ins wird von Facebook direkt an das Ger\u00e4t \ndes Nutzers \u00fcbermittelt und von diesem in das Onlineangebot eingebunden.\n Dabei k\u00f6nnen aus den verarbeiteten Daten Nutzungsprofile der Nutzer \nerstellt werden. Wir haben keinen Einfluss auf den Umfang der Daten, die\n Facebook mit Hilfe dieses Plug-Ins erhebt und informieren Sie unserem \nKenntnisstand entsprechend. Es kann sein, dass weitere Daten von \nFacebook mit diesen Daten kombiniert werden, vor allem, wenn Sie ein \nProfil auf der Facebook-Seite haben und dort eingeloggt sind. Auch ohne \nBenutzerkonto werden aber in der Regel Ihre IP-Adresse und der Zeitpunkt\n des Aufrufs dort gespeichert. <br>Zweck und Umfang der Datenerhebung \nund die weitere Verarbeitung und Nutzung der Daten durch Facebook sowie \ndie diesbez\u00fcglichen Rechte und Einstellungsm\u00f6glichkeiten zum Schutz der \nPrivatsph\u00e4re der Nutzer, k\u00f6nnen diese den Datenschutzhinweisen von \nFacebook entnehmen: <a href=\"https:\/\/www.facebook.com\/about\/privacy\/\">https:\/\/www.facebook.com\/about\/privacy\/<\/a>. <br>Wenn\n Sie nicht wollen, dass Facebook \u00fcber unser Onlineangebot Daten \u00fcber Sie\n sammelt und diese mit Ihren bei Facebook gespeicherten Mitgliedsdaten \nverkn\u00fcpft, m\u00fcssen Sie sich vor der Nutzung unseres Onlineangebotes bei \nFacebook ausloggen und Ihre Cookies l\u00f6schen. Weitere Einstellungen und \nWiderspr\u00fcche zur Nutzung von Daten f\u00fcr Werbezwecke, sind innerhalb der \nFacebook-Profileinstellungen m\u00f6glich: <a href=\"https:\/\/www.facebook.com\/settings?tab=ads\">https:\/\/www.facebook.com\/settings?tab=ads<\/a> oder \u00fcber die US-amerikanische Seite <a href=\"http:\/\/www.aboutads.info\/choices\/\">http:\/\/www.aboutads.info\/choices\/<\/a> oder die EU-Seite <a href=\"http:\/\/www.youronlinechoices.com\/\">http:\/\/www.youronlinechoices.com\/<\/a>. <br>Die\n Einstellungen erfolgen plattformunabh\u00e4ngig, d.h. sie werden f\u00fcr alle \nGer\u00e4te, wie Desktopcomputer oder mobile Ger\u00e4te \u00fcbernommen.<\/p>\n\n\n\n<p><strong>3. Pinterest<\/strong><\/p>\n\n\n\n<p>Wir haben den Dienst Pinterest auf unserer Webseite eingebunden. \nAnbieter ist Pinterest Inc., 635 High Street, Palo Alto, CA, 94301, USA.\n Bei Interaktion k\u00f6nnen Inhalte wie Bilder, Videos, Texte und \nSchaltfl\u00e4chen angesteuert werden mit denen Sie interagieren oder unsere \nBeitr\u00e4ge abonnieren k\u00f6nnen. Sofern Sie Mitglied der Plattform Pinterest \nsind, kann Pinterest den Aufruf der o.g. Inhalte und Funktionen Ihrem \nProfil zuordnen. Datenschutzerkl\u00e4rung von Pinterest: <a href=\"https:\/\/about.pinterest.com\/de\/privacy-policy\">https:\/\/about.pinterest.com\/de\/privacy-policy<\/a>. <br>Wenn\n Sie die Verbindung von Daten mit ihrem Profil verhindern m\u00f6chten, \nsollten Sie sich vor der Nutzung bei Pinterest ausloggen und ihre \nCookies l\u00f6schen.<\/p>\n\n\n\n<p><strong>4. Xing<\/strong><\/p>\n\n\n\n<p>Wir haben auf unserer Webseite Funktionen und Inhalte des Dienstes \nXing eingebunden. Anbieter ist XING AG, Dammtorstra\u00dfe 29-32, 20354 \nHamburg, Deutschland. Hierzu k\u00f6nnen z.B. Inhalte wie Bilder, Videos oder\n Texte und Schaltfl\u00e4chen geh\u00f6ren, mit denen Nutzer Ihr interagieren oder\n unsere Beitr\u00e4ge abonnieren k\u00f6nnen. Sofern Sie Mitglied der Plattform \nXing sind, kann Xing den Aufruf der o.g. Inhalte und Funktionen Ihrem \nProfil zuordnen. Datenschutzerkl\u00e4rung von Xing: <a href=\"https:\/\/www.xing.com\/app\/share?op=data_protection\">https:\/\/www.xing.com\/app\/share?op=data_protection<\/a>. <br>Wenn\n Sie die Verbindung von Daten mit ihrem Profil verhindern m\u00f6chten, \nsollten Sie sich vor der Nutzung bei Xing ausloggen und ihre Cookies \nl\u00f6schen.<\/p>\n\n\n\n<p><strong>5. LinkedIn<\/strong><\/p>\n\n\n\n<p>Innerhalb unseres Onlineangebotes k\u00f6nnen Funktionen und Inhalte des \nDienstes LinkedIn, angeboten durch die LinkedIn Ireland Unlimited \nCompany Wilton Place, Dublin 2, Irland, eingebunden werden. Hierzu \nk\u00f6nnen z.B. Inhalte wie Bilder, Videos oder Texte und Schaltfl\u00e4chen \ngeh\u00f6ren, mit denen Nutzer Inhalte dieses Onlineangebotes innerhalb von \nLinkedIn teilen k\u00f6nnen. Sofern die Nutzer Mitglieder der Plattform \nLinkedIn sind, kann LinkedIn den Aufruf der o.g. Inhalte und Funktionen \nden dortigen Profilen der Nutzer zuordnen. Datenschutzerkl\u00e4rung von \nLinkedIn: <a href=\"https:\/\/www.linkedin.com\/legal\/privacy-policy\">https:\/\/www.linkedin.com\/legal\/privacy-policy<\/a>. <br>LinkedIn\n ist unter dem Privacy-Shield-Abkommen zertifiziert und bietet hierdurch\n eine Garantie, das europ\u00e4ische Datenschutzrecht einzuhalten <br>(<a href=\"https:\/\/www.privacyshield.gov\/participant?id=a2zt0000000L0UZAA0&amp;status=Active\">https:\/\/www.privacyshield.gov\/participant?id=a2zt0000000L0UZAA0&amp;status=Active<\/a>). <br>Datenschutzerkl\u00e4rung: <a href=\"https:\/\/www.linkedin.com\/legal\/privacy-policy\">https:\/\/www.linkedin.com\/legal\/privacy-policy<\/a>, <br>Opt-Out: <a href=\"https:\/\/www.linkedin.com\/psettings\/guest-controls\/retargeting-opt-out\">https:\/\/www.linkedin.com\/psettings\/guest-controls\/retargeting-opt-out<\/a>.<\/p>\n\n\n\n<h5 class=\"wp-block-heading\">XIII. Rechte der betroffenen Person<\/h5>\n\n\n\n<p>Werden personenbezogene Daten von Ihnen verarbeitet, sind Sie \nBetroffener im Sinn der DSGVO und es stehen Ihnen folgende Rechte \ngegen\u00fcber dem Verantwortlichen zu:<\/p>\n\n\n\n<p><strong>1. Auskunftsrecht<\/strong><\/p>\n\n\n\n<p>Sie k\u00f6nnen von dem Verantwortlichen eine Best\u00e4tigung dar\u00fcber \nverlangen, ob personenbezogene Daten, die Sie betreffen, von uns \nverarbeitet werden.<br> <br>Liegt eine solche Verarbeitung vor, k\u00f6nnen Sie von dem Verantwortlichen \u00fcber folgende Informationen Auskunft verlangen:<\/p>\n\n\n\n<p>(1) die Zwecke, zu denen die personenbezogenen Daten verarbeitet werden;<\/p>\n\n\n\n<p>(2) die Kategorien von personenbezogenen Daten, welche verarbeitet werden;<\/p>\n\n\n\n<p>(3) die Empf\u00e4nger bzw. die Kategorien von Empf\u00e4ngern, gegen\u00fcber denen\n die Sie betreffenden personenbezogenen Daten offengelegt wurden oder \nnoch offengelegt werden;<\/p>\n\n\n\n<p>(4) die geplante Dauer der Speicherung der Sie betreffenden \npersonenbezogenen Daten oder, falls konkrete Angaben hierzu nicht \nm\u00f6glich sind, Kriterien f\u00fcr die Festlegung der Speicherdauer;<\/p>\n\n\n\n<p>(5) das Bestehen eines Rechts auf Berichtigung oder L\u00f6schung der Sie \nbetreffenden personenbezogenen Daten, eines Rechts auf Einschr\u00e4nkung der\n Verarbeitung durch den Verantwortlichen oder eines Widerspruchsrechts \ngegen diese Verarbeitung;<\/p>\n\n\n\n<p>(6) das Bestehen eines Beschwerderechts bei einer Aufsichtsbeh\u00f6rde;<\/p>\n\n\n\n<p>(7) alle verf\u00fcgbaren Informationen \u00fcber die Herkunft der Daten, wenn \ndie personenbezogenen Daten nicht bei der betroffenen Person erhoben \nwerden;<\/p>\n\n\n\n<p>(8)&nbsp;das Bestehen einer automatisierten Entscheidungsfindung \neinschlie\u00dflich Profiling gem\u00e4\u00df Art.&nbsp;22 Abs.&nbsp;1 und 4 DSGVO und \u2013 \nzumindest in diesen F\u00e4llen \u2013 aussagekr\u00e4ftige Informationen \u00fcber die \ninvolvierte Logik sowie die Tragweite und die angestrebten Auswirkungen \neiner derartigen Verarbeitung f\u00fcr die betroffene Person.<\/p>\n\n\n\n<p>Ihnen steht das Recht zu, Auskunft dar\u00fcber zu verlangen, ob die Sie \nbetreffenden personenbezogenen Daten in ein Drittland oder an eine \ninternationale Organisation \u00fcbermittelt werden. In diesem Zusammenhang \nk\u00f6nnen Sie verlangen, \u00fcber die geeigneten Garantien gem. Art.&nbsp;46 DSGVO \nim Zusammenhang mit der \u00dcbermittlung unterrichtet zu werden.<\/p>\n\n\n\n<p><strong>2. Recht auf Berichtigung<\/strong><\/p>\n\n\n\n<p>Sie haben ein Recht auf Berichtigung und\/oder Vervollst\u00e4ndigung \ngegen\u00fcber dem Verantwortlichen, sofern die verarbeiteten \npersonenbezogenen Daten, die Sie betreffen, unrichtig oder unvollst\u00e4ndig\n sind. Der Verantwortliche hat die Berichtigung unverz\u00fcglich \nvorzunehmen.<\/p>\n\n\n\n<p><strong>3. Recht auf Einschr\u00e4nkung der Verarbeitung<\/strong><\/p>\n\n\n\n<p>Unter den folgenden Voraussetzungen k\u00f6nnen Sie die Einschr\u00e4nkung der \nVerarbeitung der Sie betreffenden personenbezogenen Daten verlangen:<\/p>\n\n\n\n<p>(1) wenn Sie die Richtigkeit der Sie betreffenden personenbezogenen \nDaten f\u00fcr eine Dauer bestreiten, die es dem Verantwortlichen erm\u00f6glicht,\n die Richtigkeit der personenbezogenen Daten zu \u00fcberpr\u00fcfen;<\/p>\n\n\n\n<p>(2) die Verarbeitung unrechtm\u00e4\u00dfig ist und Sie die L\u00f6schung der \npersonenbezogenen Daten ablehnen und stattdessen die Einschr\u00e4nkung der \nNutzung der personenbezogenen Daten verlangen;<\/p>\n\n\n\n<p>(3) der Verantwortliche die personenbezogenen Daten f\u00fcr die Zwecke \nder Verarbeitung nicht l\u00e4nger ben\u00f6tigt, Sie diese jedoch zur \nGeltendmachung, Aus\u00fcbung oder Verteidigung von Rechtsanspr\u00fcchen \nben\u00f6tigen, oder<\/p>\n\n\n\n<p>(4)&nbsp;wenn Sie Widerspruch gegen die Verarbeitung gem\u00e4\u00df Art.&nbsp;21 Abs.&nbsp;1 \nDSGVO eingelegt haben und noch nicht feststeht, ob die berechtigten \nGr\u00fcnde des Verantwortlichen gegen\u00fcber Ihren Gr\u00fcnden \u00fcberwiegen.<\/p>\n\n\n\n<p>Wurde die Verarbeitung der Sie betreffenden personenbezogenen Daten \neingeschr\u00e4nkt, d\u00fcrfen diese Daten \u2013 von ihrer Speicherung abgesehen \u2013 \nnur mit Ihrer Einwilligung oder zur Geltendmachung, Aus\u00fcbung oder \nVerteidigung von Rechtsanspr\u00fcchen oder zum Schutz der Rechte einer \nanderen nat\u00fcrlichen oder juristischen Person oder aus Gr\u00fcnden eines \nwichtigen \u00f6ffentlichen Interesses der Union oder eines Mitgliedstaats \nverarbeitet werden.<\/p>\n\n\n\n<p>Wurde die Einschr\u00e4nkung der Verarbeitung nach den o.g. \nVoraussetzungen eingeschr\u00e4nkt, werden Sie von dem Verantwortlichen \nunterrichtet bevor die Einschr\u00e4nkung aufgehoben wird.<\/p>\n\n\n\n<p><strong>4. Recht auf L\u00f6schung<\/strong><br> <br><strong>a) L\u00f6schungspflicht<\/strong><\/p>\n\n\n\n<p>Sie k\u00f6nnen von dem Verantwortlichen verlangen, dass die Sie \nbetreffenden personenbezogenen Daten unverz\u00fcglich gel\u00f6scht werden, und \nder Verantwortliche ist verpflichtet, diese Daten unverz\u00fcglich zu \nl\u00f6schen, sofern einer der folgenden Gr\u00fcnde zutrifft:<\/p>\n\n\n\n<p>(1) Die Sie betreffenden personenbezogenen Daten sind f\u00fcr die Zwecke,\n f\u00fcr die sie erhoben oder auf sonstige Weise verarbeitet wurden, nicht \nmehr notwendig.<\/p>\n\n\n\n<p>(2)&nbsp;Sie widerrufen Ihre Einwilligung, auf die sich die Verarbeitung \ngem. Art.&nbsp;6 Abs.&nbsp;1 lit.&nbsp;a oder Art.&nbsp;9 Abs.&nbsp;2 lit.&nbsp;a DSGVO st\u00fctzte, und \nes fehlt an einer anderweitigen Rechtsgrundlage f\u00fcr die Verarbeitung.<\/p>\n\n\n\n<p>(3) Sie legen gem. Art.&nbsp;21 Abs.&nbsp;1 DSGVO Widerspruch gegen die \nVerarbeitung ein und es liegen keine vorrangigen berechtigten Gr\u00fcnde f\u00fcr\n die Verarbeitung vor, oder Sie legen gem. Art.&nbsp;21 Abs.&nbsp;2 DSGVO \nWiderspruch gegen die Verarbeitung ein.<\/p>\n\n\n\n<p>(4) Die Sie betreffenden personenbezogenen Daten wurden unrechtm\u00e4\u00dfig verarbeitet.<\/p>\n\n\n\n<p>(5) Die L\u00f6schung der Sie betreffenden personenbezogenen Daten ist zur\n Erf\u00fcllung einer rechtlichen Verpflichtung nach dem Unionsrecht oder dem\n Recht der Mitgliedstaaten erforderlich, dem der Verantwortliche \nunterliegt.<\/p>\n\n\n\n<p>(6) Die Sie betreffenden personenbezogenen Daten wurden in Bezug auf \nangebotene Dienste der Informationsgesellschaft gem\u00e4\u00df Art.&nbsp;8 Abs.&nbsp;1 \nDSGVO erhoben.<\/p>\n\n\n\n<p><strong>b) Information an Dritte<\/strong><\/p>\n\n\n\n<p>Hat der Verantwortliche die Sie betreffenden personenbezogenen Daten \n\u00f6ffentlich gemacht und ist er gem. Art.&nbsp;17 Abs.&nbsp;1 DSGVO zu deren \nL\u00f6schung verpflichtet, so trifft er unter Ber\u00fccksichtigung der \nverf\u00fcgbaren Technologie und der Implementierungskosten angemessene \nMa\u00dfnahmen, auch technischer Art, um f\u00fcr die Datenverarbeitung \nVerantwortliche, die die personenbezogenen Daten verarbeiten, dar\u00fcber zu\n informieren, dass Sie als betroffene Person von ihnen die L\u00f6schung \naller Links zu diesen personenbezogenen Daten oder von Kopien oder \nReplikationen dieser personenbezogenen Daten verlangt haben.<\/p>\n\n\n\n<p><strong>c) Ausnahmen<\/strong><\/p>\n\n\n\n<p>Das Recht auf L\u00f6schung besteht nicht, soweit die Verarbeitung erforderlich ist<\/p>\n\n\n\n<p>(1) zur Aus\u00fcbung des Rechts auf freie Meinungs\u00e4u\u00dferung und Information;<\/p>\n\n\n\n<p>(2) zur Erf\u00fcllung einer rechtlichen Verpflichtung, die die \nVerarbeitung nach dem Recht der Union oder der Mitgliedstaaten, dem der \nVerantwortliche unterliegt, erfordert, oder zur Wahrnehmung einer \nAufgabe, die im \u00f6ffentlichen Interesse liegt oder in Aus\u00fcbung \n\u00f6ffentlicher Gewalt erfolgt, die dem Verantwortlichen \u00fcbertragen wurde;<\/p>\n\n\n\n<p>(3) aus Gr\u00fcnden des \u00f6ffentlichen Interesses im Bereich der \n\u00f6ffentlichen Gesundheit gem\u00e4\u00df Art.&nbsp;9 Abs.&nbsp;2 lit.&nbsp;h und i sowie Art.&nbsp;9 \nAbs.&nbsp;3 DSGVO;<\/p>\n\n\n\n<p>(4) f\u00fcr im \u00f6ffentlichen Interesse liegende Archivzwecke, \nwissenschaftliche oder historische Forschungszwecke oder f\u00fcr \nstatistische Zwecke gem. Art.&nbsp;89 Abs.&nbsp;1 DSGVO, soweit das unter \nAbschnitt a) genannte Recht voraussichtlich die Verwirklichung der Ziele\n dieser Verarbeitung unm\u00f6glich macht oder ernsthaft beeintr\u00e4chtigt, oder<\/p>\n\n\n\n<p>(5) zur Geltendmachung, Aus\u00fcbung oder Verteidigung von Rechtsanspr\u00fcchen.<\/p>\n\n\n\n<p><strong>5. Recht auf Unterrichtung<\/strong><\/p>\n\n\n\n<p>Haben Sie das Recht auf Berichtigung, L\u00f6schung oder Einschr\u00e4nkung der\n Verarbeitung gegen\u00fcber dem Verantwortlichen geltend gemacht, ist dieser\n verpflichtet, allen Empf\u00e4ngern, denen die Sie betreffenden \npersonenbezogenen Daten offengelegt wurden, diese Berichtigung oder \nL\u00f6schung der Daten oder Einschr\u00e4nkung der Verarbeitung mitzuteilen, es \nsei denn, dies erweist sich als unm\u00f6glich oder ist mit einem \nunverh\u00e4ltnism\u00e4\u00dfigen Aufwand verbunden.<\/p>\n\n\n\n<p>Ihnen steht gegen\u00fcber dem Verantwortlichen das Recht zu, \u00fcber diese Empf\u00e4nger unterrichtet zu werden.<\/p>\n\n\n\n<p><strong>6. Recht auf Daten\u00fcbertragbarkeit<\/strong><\/p>\n\n\n\n<p>Sie haben das Recht, die Sie betreffenden personenbezogenen Daten, \ndie Sie dem Verantwortlichen bereitgestellt haben, in einem \nstrukturierten, g\u00e4ngigen und maschinenlesbaren Format zu erhalten. \nAu\u00dferdem haben Sie das Recht diese Daten einem anderen Verantwortlichen \nohne Behinderung durch den Verantwortlichen, dem die personenbezogenen \nDaten bereitgestellt wurden, zu \u00fcbermitteln, sofern<\/p>\n\n\n\n<p>(1)&nbsp;die Verarbeitung auf einer Einwilligung gem. Art.&nbsp;6 Abs.&nbsp;1 lit.&nbsp;a\n DSGVO oder Art.&nbsp;9 Abs.&nbsp;2 lit.&nbsp;a DSGVO oder auf einem Vertrag gem. \nArt.&nbsp;6 Abs.&nbsp;1 lit.&nbsp;b DSGVO beruht und<\/p>\n\n\n\n<p>(2)&nbsp;die Verarbeitung mithilfe automatisierter Verfahren erfolgt.<\/p>\n\n\n\n<p>In Aus\u00fcbung dieses Rechts haben Sie ferner das Recht, zu erwirken, \ndass die Sie betreffenden personenbezogenen Daten direkt von einem \nVerantwortlichen einem anderen Verantwortlichen \u00fcbermittelt werden, \nsoweit dies technisch machbar ist. Freiheiten und Rechte anderer \nPersonen d\u00fcrfen hierdurch nicht beeintr\u00e4chtigt werden.<\/p>\n\n\n\n<p>Das Recht auf Daten\u00fcbertragbarkeit gilt nicht f\u00fcr eine Verarbeitung \npersonenbezogener Daten, die f\u00fcr die Wahrnehmung einer Aufgabe \nerforderlich ist, die im \u00f6ffentlichen Interesse liegt oder in Aus\u00fcbung \n\u00f6ffentlicher Gewalt erfolgt, die dem Verantwortlichen \u00fcbertragen wurde.<\/p>\n\n\n\n<p><strong>7. Widerspruchsrecht<\/strong><\/p>\n\n\n\n<p>Sie haben das Recht, aus Gr\u00fcnden, die sich aus Ihrer besonderen \nSituation ergeben, jederzeit gegen die Verarbeitung der Sie betreffenden\n personenbezogenen Daten, die aufgrund von Art.&nbsp;6 Abs.&nbsp;1 lit.&nbsp;e oder f \nDSGVO erfolgt, Widerspruch einzulegen; dies gilt auch f\u00fcr ein auf diese \nBestimmungen gest\u00fctztes Profiling.<\/p>\n\n\n\n<p>Der Verantwortliche verarbeitet die Sie betreffenden \npersonenbezogenen Daten nicht mehr, es sei denn, er kann zwingende \nschutzw\u00fcrdige Gr\u00fcnde f\u00fcr die Verarbeitung nachweisen, die Ihre \nInteressen, Rechte und Freiheiten \u00fcberwiegen, oder die Verarbeitung \ndient der Geltendmachung, Aus\u00fcbung oder Verteidigung von \nRechtsanspr\u00fcchen.<\/p>\n\n\n\n<p>Werden die Sie betreffenden personenbezogenen Daten verarbeitet, um \nDirektwerbung zu betreiben, haben Sie das Recht, jederzeit Widerspruch \ngegen die Verarbeitung der Sie betreffenden personenbezogenen Daten zum \nZwecke derartiger Werbung einzulegen; dies gilt auch f\u00fcr das Profiling, \nsoweit es mit solcher Direktwerbung in Verbindung steht.<\/p>\n\n\n\n<p>Widersprechen Sie der Verarbeitung f\u00fcr Zwecke der Direktwerbung, so \nwerden die Sie betreffenden personenbezogenen Daten nicht mehr f\u00fcr diese\n Zwecke verarbeitet.<\/p>\n\n\n\n<p>Sie haben die M\u00f6glichkeit, im Zusammenhang mit der Nutzung von \nDiensten der Informationsgesellschaft \u2013 ungeachtet der Richtlinie \n2002\/58\/EG \u2013 Ihr Widerspruchsrecht mittels automatisierter Verfahren \nauszu\u00fcben, bei denen technische Spezifikationen verwendet werden.<\/p>\n\n\n\n<p><strong>8. Recht auf Widerruf der datenschutzrechtlichen Einwilligungserkl\u00e4rung<\/strong><\/p>\n\n\n\n<p>Sie haben das Recht, Ihre datenschutzrechtliche \nEinwilligungserkl\u00e4rung jederzeit zu widerrufen. Durch den Widerruf der \nEinwilligung wird die Rechtm\u00e4\u00dfigkeit der aufgrund der Einwilligung bis \nzum Widerruf erfolgten Verarbeitung nicht ber\u00fchrt.<\/p>\n\n\n\n<p><strong>9. Automatisierte Entscheidung im Einzelfall einschlie\u00dflich Profiling<\/strong><\/p>\n\n\n\n<p>Sie haben das Recht, nicht einer ausschlie\u00dflich auf einer \nautomatisierten Verarbeitung \u2013 einschlie\u00dflich Profiling \u2013 beruhenden \nEntscheidung unterworfen zu werden, die Ihnen gegen\u00fcber rechtliche \nWirkung entfaltet oder Sie in \u00e4hnlicher Weise erheblich beeintr\u00e4chtigt. \nDies gilt nicht, wenn die Entscheidung<\/p>\n\n\n\n<p>(1)&nbsp;f\u00fcr den Abschluss oder die Erf\u00fcllung eines Vertrags zwischen Ihnen und dem Verantwortlichen erforderlich ist,<\/p>\n\n\n\n<p>(2) aufgrund von Rechtsvorschriften der Union oder der \nMitgliedstaaten, denen der Verantwortliche unterliegt, zul\u00e4ssig ist und \ndiese Rechtsvorschriften angemessene Ma\u00dfnahmen zur Wahrung Ihrer Rechte \nund Freiheiten sowie Ihrer berechtigten Interessen enthalten oder<\/p>\n\n\n\n<p>(3)&nbsp;mit Ihrer ausdr\u00fccklichen Einwilligung erfolgt.<\/p>\n\n\n\n<p>Allerdings d\u00fcrfen diese Entscheidungen nicht auf besonderen \nKategorien personenbezogener Daten nach Art.&nbsp;9 Abs.&nbsp;1 DSGVO beruhen, \nsofern nicht Art.&nbsp;9 Abs.&nbsp;2 lit.&nbsp;a oder g DSGVO gilt und angemessene \nMa\u00dfnahmen zum Schutz der Rechte und Freiheiten sowie Ihrer berechtigten \nInteressen getroffen wurden.<\/p>\n\n\n\n<p>Hinsichtlich der in (1) und (3) genannten F\u00e4lle trifft der \nVerantwortliche angemessene Ma\u00dfnahmen, um die Rechte und Freiheiten \nsowie Ihre berechtigten Interessen zu wahren, wozu mindestens das Recht \nauf Erwirkung des Eingreifens einer Person seitens des Verantwortlichen,\n auf Darlegung des eigenen Standpunkts und auf Anfechtung der \nEntscheidung geh\u00f6rt.<\/p>\n\n\n\n<p><strong>10. Recht auf Beschwerde bei einer Aufsichtsbeh\u00f6rde<\/strong><\/p>\n\n\n\n<p>Unbeschadet eines anderweitigen verwaltungsrechtlichen oder \ngerichtlichen Rechtsbehelfs steht Ihnen das Recht auf Beschwerde bei \neiner Aufsichtsbeh\u00f6rde, insbesondere in dem Mitgliedstaat ihres \nAufenthaltsorts, ihres Arbeitsplatzes oder des Orts des mutma\u00dflichen \nVersto\u00dfes, zu, wenn Sie der Ansicht sind, dass die Verarbeitung der Sie \nbetreffenden personenbezogenen Daten gegen die DSGVO verst\u00f6\u00dft.<\/p>\n\n\n\n<p>Die Aufsichtsbeh\u00f6rde, bei der die Beschwerde eingereicht wurde, \nunterrichtet den Beschwerdef\u00fchrer \u00fcber den Stand und die Ergebnisse der \nBeschwerde einschlie\u00dflich der M\u00f6glichkeit eines gerichtlichen \nRechtsbehelfs nach Art.&nbsp;78 DSGVO.<\/p>\n\n\n\n<p>Stand: Mai 2018<\/p>\n\n\n\n<hr class=\"wp-block-separator\"\/>\n\n\n\n<h3 class=\"wp-block-heading\">Haftungsausschluss<\/h3>\n\n\n\n<p>Diese Webseite bildet den tempor\u00e4ren Stand eines kontinuierlichen \nArbeitsprozesses ab. Obwohl bei der Zusammenstellung der auf unseren \nWebseiten enthaltenen Informationen gr\u00f6\u00dfte Sorgfalt angewandt wurde, \nkann die VERIMAG Vertriebs- und Marketingges. mbH f\u00fcr die Aktualit\u00e4t, Richtigkeit oder Vollst\u00e4ndigkeit keine Gew\u00e4hr \u00fcbernehmen.<\/p>\n\n\n\n<p>Haftungsanspr\u00fcche gegen die VERIMAG\n Vertriebs- und Marketingges. mbH, die sich auf Sch\u00e4den materieller oder\n ideeller Art beziehen, welche durch die Nutzung oder Nichtnutzung der \ndargebotenen Informationen oder durch fehlerhafte und unvollst\u00e4ndige \nInformationen verursacht wurden, sind grunds\u00e4tzlich ausgeschlossen.<\/p>\n\n\n\n<p>Wir behalten uns \u00c4nderungen der Informationen auf diesem Server ohne \nvorherige Ank\u00fcndigung vor. Alle Angebote sind freibleibend und \nunverbindlich.<\/p>\n\n\n\n<h3 class=\"wp-block-heading\">Rechtswirksamkeit dieses Haftungsausschlusses<\/h3>\n\n\n\n<p>Dieser Haftungsausschluss ist als Teil des Internetangebotes zu \nbetrachten, von dem aus auf diese Seite verwiesen wurde. Sofern Teile \noder einzelne Formulierungen dieses Textes der geltenden Rechtslage \nnicht, nicht mehr oder nicht vollst\u00e4ndig entsprechen sollten, bleiben \ndie \u00fcbrigen Teile des Dokumentes in ihrem Inhalt und ihrer G\u00fcltigkeit \ndavon unber\u00fchrt.<\/p>\n<\/div><\/div>\n<\/div><\/div><\/div>\n<\/div><\/div>\n<\/div><\/div><\/div>\n","protected":false},"excerpt":{"rendered":"<p>Datenschutzerkl\u00e4rung der VERIMAG GmbH SSL Sicherheit Die VERIMAG Internetpr\u00e4senz unter https:\/\/www.verimag.de ist im Sinne Ihrer Sicherheit so genannt &#8220;SSL gesichert&#8221; (Secure Sockets Layer, Transport Layer Security &#8211; TLS, deutsch Transportschichtsicherheit). Die SSL-Technologie ist durch einen marktf\u00fchrenden Anbieter innerhalb des VERIMAG Webhosting zertifiziert (Symantec Corporation). Sie erkennen die aktive SSL-Sicherheit anhand des gr\u00fcnen Schloss-Symbols in Ihrer [&hellip;]<\/p>\n","protected":false},"author":1,"featured_media":0,"parent":0,"menu_order":0,"comment_status":"closed","ping_status":"closed","template":"","meta":{"_acf_changed":false,"footnotes":""},"class_list":["post-941","page","type-page","status-publish","hentry"],"acf":[],"yoast_head":"<!-- This site is optimized with the Yoast SEO plugin v27.0 - https:\/\/yoast.com\/product\/yoast-seo-wordpress\/ -->\n<title>VERIMAG Vertriebs- und Marketingges. mbH - Data Privacy Statement<\/title>\n<meta name=\"robots\" content=\"index, follow, max-snippet:-1, max-image-preview:large, max-video-preview:-1\" \/>\n<link rel=\"canonical\" href=\"https:\/\/www.verimag.de\/en\/data-privacy-statement\/\" \/>\n<meta property=\"og:locale\" content=\"en_US\" \/>\n<meta property=\"og:type\" content=\"article\" \/>\n<meta property=\"og:title\" content=\"VERIMAG Vertriebs- und Marketingges. mbH - Data Privacy Statement\" \/>\n<meta property=\"og:description\" content=\"Datenschutzerkl\u00e4rung der VERIMAG GmbH SSL Sicherheit Die VERIMAG Internetpr\u00e4senz unter https:\/\/www.verimag.de ist im Sinne Ihrer Sicherheit so genannt &#8220;SSL gesichert&#8221; (Secure Sockets Layer, Transport Layer Security &#8211; TLS, deutsch Transportschichtsicherheit). Die SSL-Technologie ist durch einen marktf\u00fchrenden Anbieter innerhalb des VERIMAG Webhosting zertifiziert (Symantec Corporation). Sie erkennen die aktive SSL-Sicherheit anhand des gr\u00fcnen Schloss-Symbols in Ihrer [&hellip;]\" \/>\n<meta property=\"og:url\" content=\"https:\/\/www.verimag.de\/en\/data-privacy-statement\/\" \/>\n<meta property=\"og:site_name\" content=\"VERIMAG Vertriebs- und Marketingges. mbH\" \/>\n<meta property=\"article:modified_time\" content=\"2019-08-14T12:03:38+00:00\" \/>\n<meta name=\"twitter:card\" content=\"summary_large_image\" \/>\n<meta name=\"twitter:label1\" content=\"Est. reading time\" \/>\n\t<meta name=\"twitter:data1\" content=\"30 minutes\" \/>\n<script type=\"application\/ld+json\" class=\"yoast-schema-graph\">{\"@context\":\"https:\/\/schema.org\",\"@graph\":[{\"@type\":\"WebPage\",\"@id\":\"https:\/\/www.verimag.de\/en\/data-privacy-statement\/\",\"url\":\"https:\/\/www.verimag.de\/en\/data-privacy-statement\/\",\"name\":\"VERIMAG Vertriebs- und Marketingges. mbH - Data Privacy Statement\",\"isPartOf\":{\"@id\":\"https:\/\/www.verimag.de\/en\/#website\"},\"datePublished\":\"2019-07-01T15:33:21+00:00\",\"dateModified\":\"2019-08-14T12:03:38+00:00\",\"breadcrumb\":{\"@id\":\"https:\/\/www.verimag.de\/en\/data-privacy-statement\/#breadcrumb\"},\"inLanguage\":\"en-US\",\"potentialAction\":[{\"@type\":\"ReadAction\",\"target\":[\"https:\/\/www.verimag.de\/en\/data-privacy-statement\/\"]}]},{\"@type\":\"BreadcrumbList\",\"@id\":\"https:\/\/www.verimag.de\/en\/data-privacy-statement\/#breadcrumb\",\"itemListElement\":[{\"@type\":\"ListItem\",\"position\":1,\"name\":\"Startseite\",\"item\":\"https:\/\/www.verimag.de\/en\/\"},{\"@type\":\"ListItem\",\"position\":2,\"name\":\"Data Privacy Statement\"}]},{\"@type\":\"WebSite\",\"@id\":\"https:\/\/www.verimag.de\/en\/#website\",\"url\":\"https:\/\/www.verimag.de\/en\/\",\"name\":\"VERIMAG Vertriebs- und Marketingges. mbH\",\"description\":\"\",\"potentialAction\":[{\"@type\":\"SearchAction\",\"target\":{\"@type\":\"EntryPoint\",\"urlTemplate\":\"https:\/\/www.verimag.de\/en\/?s={search_term_string}\"},\"query-input\":{\"@type\":\"PropertyValueSpecification\",\"valueRequired\":true,\"valueName\":\"search_term_string\"}}],\"inLanguage\":\"en-US\"}]}<\/script>\n<!-- \/ Yoast SEO plugin. -->","yoast_head_json":{"title":"VERIMAG Vertriebs- und Marketingges. mbH - Data Privacy Statement","robots":{"index":"index","follow":"follow","max-snippet":"max-snippet:-1","max-image-preview":"max-image-preview:large","max-video-preview":"max-video-preview:-1"},"canonical":"https:\/\/www.verimag.de\/en\/data-privacy-statement\/","og_locale":"en_US","og_type":"article","og_title":"VERIMAG Vertriebs- und Marketingges. mbH - Data Privacy Statement","og_description":"Datenschutzerkl\u00e4rung der VERIMAG GmbH SSL Sicherheit Die VERIMAG Internetpr\u00e4senz unter https:\/\/www.verimag.de ist im Sinne Ihrer Sicherheit so genannt &#8220;SSL gesichert&#8221; (Secure Sockets Layer, Transport Layer Security &#8211; TLS, deutsch Transportschichtsicherheit). Die SSL-Technologie ist durch einen marktf\u00fchrenden Anbieter innerhalb des VERIMAG Webhosting zertifiziert (Symantec Corporation). Sie erkennen die aktive SSL-Sicherheit anhand des gr\u00fcnen Schloss-Symbols in Ihrer [&hellip;]","og_url":"https:\/\/www.verimag.de\/en\/data-privacy-statement\/","og_site_name":"VERIMAG Vertriebs- und Marketingges. mbH","article_modified_time":"2019-08-14T12:03:38+00:00","twitter_card":"summary_large_image","twitter_misc":{"Est. reading time":"30 minutes"},"schema":{"@context":"https:\/\/schema.org","@graph":[{"@type":"WebPage","@id":"https:\/\/www.verimag.de\/en\/data-privacy-statement\/","url":"https:\/\/www.verimag.de\/en\/data-privacy-statement\/","name":"VERIMAG Vertriebs- und Marketingges. mbH - Data Privacy Statement","isPartOf":{"@id":"https:\/\/www.verimag.de\/en\/#website"},"datePublished":"2019-07-01T15:33:21+00:00","dateModified":"2019-08-14T12:03:38+00:00","breadcrumb":{"@id":"https:\/\/www.verimag.de\/en\/data-privacy-statement\/#breadcrumb"},"inLanguage":"en-US","potentialAction":[{"@type":"ReadAction","target":["https:\/\/www.verimag.de\/en\/data-privacy-statement\/"]}]},{"@type":"BreadcrumbList","@id":"https:\/\/www.verimag.de\/en\/data-privacy-statement\/#breadcrumb","itemListElement":[{"@type":"ListItem","position":1,"name":"Startseite","item":"https:\/\/www.verimag.de\/en\/"},{"@type":"ListItem","position":2,"name":"Data Privacy Statement"}]},{"@type":"WebSite","@id":"https:\/\/www.verimag.de\/en\/#website","url":"https:\/\/www.verimag.de\/en\/","name":"VERIMAG Vertriebs- und Marketingges. mbH","description":"","potentialAction":[{"@type":"SearchAction","target":{"@type":"EntryPoint","urlTemplate":"https:\/\/www.verimag.de\/en\/?s={search_term_string}"},"query-input":{"@type":"PropertyValueSpecification","valueRequired":true,"valueName":"search_term_string"}}],"inLanguage":"en-US"}]}},"_links":{"self":[{"href":"https:\/\/www.verimag.de\/en\/wp-json\/wp\/v2\/pages\/941","targetHints":{"allow":["GET"]}}],"collection":[{"href":"https:\/\/www.verimag.de\/en\/wp-json\/wp\/v2\/pages"}],"about":[{"href":"https:\/\/www.verimag.de\/en\/wp-json\/wp\/v2\/types\/page"}],"author":[{"embeddable":true,"href":"https:\/\/www.verimag.de\/en\/wp-json\/wp\/v2\/users\/1"}],"replies":[{"embeddable":true,"href":"https:\/\/www.verimag.de\/en\/wp-json\/wp\/v2\/comments?post=941"}],"version-history":[{"count":4,"href":"https:\/\/www.verimag.de\/en\/wp-json\/wp\/v2\/pages\/941\/revisions"}],"predecessor-version":[{"id":1086,"href":"https:\/\/www.verimag.de\/en\/wp-json\/wp\/v2\/pages\/941\/revisions\/1086"}],"wp:attachment":[{"href":"https:\/\/www.verimag.de\/en\/wp-json\/wp\/v2\/media?parent=941"}],"curies":[{"name":"wp","href":"https:\/\/api.w.org\/{rel}","templated":true}]}}